{"id":549,"date":"2019-11-21T22:42:45","date_gmt":"2019-11-21T22:42:45","guid":{"rendered":"https:\/\/alamutlibros.com.ar\/fildi\/?page_id=549"},"modified":"2019-12-05T18:30:35","modified_gmt":"2019-12-05T18:30:35","slug":"actividades","status":"publish","type":"page","link":"https:\/\/alamutlibros.com.ar\/fildi\/actividades\/","title":{"rendered":"Actividades"},"content":{"rendered":"<p>[et_pb_section fb_built=\u00bb1&#8243; disabled_on=\u00bbon|off|off\u00bb admin_label=\u00bbSecci\u00f3n Separador\u00bb _builder_version=\u00bb4.0.6&#8243; custom_margin=\u00bb0px||0px||false|false\u00bb custom_padding=\u00bb0px||||false|false\u00bb][\/et_pb_section][et_pb_section fb_built=\u00bb1&#8243; specialty=\u00bbon\u00bb padding_top_bottom_link_2=\u00bbfalse\u00bb padding_left_right_link_2=\u00bbfalse\u00bb padding_top_1=\u00bb0px\u00bb padding_top_2=\u00bb0px\u00bb admin_label=\u00bbVIE 6&#8243; _builder_version=\u00bb4.0.6&#8243; custom_margin=\u00bb||||false|false\u00bb][et_pb_column type=\u00bb1_3&#8243; _builder_version=\u00bb3.25&#8243; custom_padding=\u00bb|||\u00bb custom_padding__hover=\u00bb|||\u00bb][et_pb_cta title=\u00bbViernes 6\/12&#8243; admin_label=\u00bbLlamada a la acci\u00f3n &#8211; Vie 6&#8243; _builder_version=\u00bb4.0.6&#8243; header_font=\u00bb|700|||||||\u00bb header_font_size=\u00bb28px\u00bb header_line_height=\u00bb1.4em\u00bb use_background_color_gradient=\u00bbon\u00bb background_color_gradient_start=\u00bb#b036ce\u00bb background_color_gradient_end=\u00bbrgba(176,54,206,0.5)\u00bb background_color_gradient_overlays_image=\u00bbon\u00bb background_image=\u00bbhttps:\/\/alamutlibros.com.ar\/fildi\/wp-content\/uploads\/2019\/11\/ejemplo-foto.jpg\u00bb custom_button=\u00bbon\u00bb button_text_size=\u00bb14px\u00bb button_text_color=\u00bb#000000&#8243; button_bg_color=\u00bb#ffffff\u00bb button_border_width=\u00bb10px\u00bb button_border_color=\u00bb#ffffff\u00bb button_border_radius=\u00bb0px\u00bb button_letter_spacing=\u00bb2px\u00bb button_font=\u00bbMontserrat|700||on|||||\u00bb button_use_icon=\u00bboff\u00bb text_orientation=\u00bbleft\u00bb max_width=\u00bb550px\u00bb max_width_tablet=\u00bb\u00bb max_width_phone=\u00bb\u00bb max_width_last_edited=\u00bbon|tablet\u00bb module_alignment=\u00bbright\u00bb custom_padding=\u00bb||300px\u00bb custom_padding_tablet=\u00bb||60px|\u00bb custom_padding_phone=\u00bb\u00bb custom_padding_last_edited=\u00bbon|phone\u00bb header_font_size_tablet=\u00bb26px\u00bb header_font_size_phone=\u00bb24px\u00bb header_font_size_last_edited=\u00bbon|phone\u00bb border_color_all=\u00bb#ffffff\u00bb box_shadow_style=\u00bbpreset1&#8243; box_shadow_vertical=\u00bb60px\u00bb box_shadow_blur=\u00bb80px\u00bb box_shadow_spread=\u00bb-10px\u00bb box_shadow_color=\u00bbrgba(9,0,71,0.15)\u00bb locked=\u00bboff\u00bb][\/et_pb_cta][\/et_pb_column][et_pb_column type=\u00bb2_3&#8243; specialty_columns=\u00bb2&#8243; _builder_version=\u00bb3.25&#8243; custom_padding=\u00bb|||\u00bb custom_padding__hover=\u00bb|||\u00bb][et_pb_row_inner column_structure=\u00bb1_2,1_2&#8243; _builder_version=\u00bb4.0.6&#8243; background_color=\u00bb#ffffff\u00bb custom_padding=\u00bb30px|30px|30px|30px|true|true\u00bb box_shadow_style=\u00bbpreset1&#8243; box_shadow_vertical=\u00bb60px\u00bb box_shadow_blur=\u00bb80px\u00bb box_shadow_spread=\u00bb-10px\u00bb box_shadow_color=\u00bbrgba(0,0,0,0.12)\u00bb][et_pb_column_inner type=\u00bb1_2&#8243; saved_specialty_column_type=\u00bb2_3&#8243; _builder_version=\u00bb4.0.6&#8243; background_color=\u00bb#ffffff\u00bb custom_padding=\u00bb|||\u00bb custom_padding__hover=\u00bb|||\u00bb][et_pb_text admin_label=\u00bbTexto Los machos\u00bb _builder_version=\u00bb4.0.6&#8243; text_font=\u00bbMontserrat||||||||\u00bb text_text_color=\u00bb#000000&#8243; text_font_size=\u00bb15px\u00bb text_line_height=\u00bb1.8em\u00bb header_font=\u00bb|600|||||||\u00bb header_3_font=\u00bb|600|||||||\u00bb header_3_text_color=\u00bb#1271d8&#8243; header_3_font_size=\u00bb20px\u00bb header_3_line_height=\u00bb1.4em\u00bb header_4_font=\u00bb|600|||||||\u00bb background_color=\u00bb#ffffff\u00bb custom_margin=\u00bb||||true|true\u00bb custom_padding=\u00bb||||true|true\u00bb]<\/p>\n<h3 class=\"et_pb_module_header\">19:30 hs. Presentaci\u00f3n de <em>Los machos se duermen primero<\/em><\/h3>\n<div class=\"et_pb_blurb_description\">\n<p>De Rodolfo Omar Serio. En di\u00e1logo con Dani Nandez, Alejandro Modarelli y Gustavo Pecoraro.<\/p>\n<\/div>\n<p>[\/et_pb_text][\/et_pb_column_inner][et_pb_column_inner type=\u00bb1_2&#8243; saved_specialty_column_type=\u00bb2_3&#8243; _builder_version=\u00bb4.0.6&#8243; background_color=\u00bb#ffffff\u00bb custom_padding=\u00bb|||\u00bb custom_padding__hover=\u00bb|||\u00bb][\/et_pb_column_inner][\/et_pb_row_inner][\/et_pb_column][\/et_pb_section][et_pb_section fb_built=\u00bb1&#8243; specialty=\u00bbon\u00bb padding_top_1=\u00bb0px\u00bb admin_label=\u00bbSAB 7&#8243; _builder_version=\u00bb4.0.6&#8243;][et_pb_column type=\u00bb1_3&#8243; _builder_version=\u00bb3.25&#8243; custom_padding=\u00bb|||\u00bb custom_padding__hover=\u00bb|||\u00bb][et_pb_cta title=\u00bbS\u00e1bado 7\/12&#8243; admin_label=\u00bbLlamada a la acci\u00f3n &#8211; S\u00e1b 7&#8243; _builder_version=\u00bb4.0.6&#8243; header_font=\u00bb|700|||||||\u00bb header_font_size=\u00bb28px\u00bb header_line_height=\u00bb1.4em\u00bb use_background_color_gradient=\u00bbon\u00bb background_color_gradient_start=\u00bb#db8305&#8243; background_color_gradient_end=\u00bbrgba(219,131,5,0.5)\u00bb background_color_gradient_overlays_image=\u00bbon\u00bb background_image=\u00bbhttps:\/\/alamutlibros.com.ar\/fildi\/wp-content\/uploads\/2019\/11\/pila-libros-3.jpg\u00bb custom_button=\u00bbon\u00bb button_text_size=\u00bb14px\u00bb button_text_color=\u00bb#000000&#8243; button_bg_color=\u00bb#ffffff\u00bb button_border_width=\u00bb10px\u00bb button_border_color=\u00bbrgba(0,0,0,0)\u00bb button_border_radius=\u00bb0px\u00bb button_letter_spacing=\u00bb2px\u00bb button_font=\u00bbMontserrat|700||on|||||\u00bb button_use_icon=\u00bboff\u00bb text_orientation=\u00bbleft\u00bb max_width=\u00bb550px\u00bb max_width_tablet=\u00bb\u00bb max_width_phone=\u00bb\u00bb max_width_last_edited=\u00bbon|tablet\u00bb module_alignment=\u00bbright\u00bb custom_padding=\u00bb||300px\u00bb custom_padding_tablet=\u00bb||60px|\u00bb custom_padding_phone=\u00bb\u00bb custom_padding_last_edited=\u00bbon|phone\u00bb header_font_size_tablet=\u00bb26px\u00bb header_font_size_phone=\u00bb24px\u00bb header_font_size_last_edited=\u00bbon|phone\u00bb border_color_all=\u00bb#ffffff\u00bb box_shadow_style=\u00bbpreset1&#8243; box_shadow_vertical=\u00bb60px\u00bb box_shadow_blur=\u00bb80px\u00bb box_shadow_spread=\u00bb-10px\u00bb box_shadow_color=\u00bbrgba(9,0,71,0.15)\u00bb locked=\u00bboff\u00bb][\/et_pb_cta][\/et_pb_column][et_pb_column type=\u00bb2_3&#8243; specialty_columns=\u00bb2&#8243; _builder_version=\u00bb3.25&#8243; custom_padding=\u00bb|||\u00bb custom_padding__hover=\u00bb|||\u00bb][et_pb_row_inner column_structure=\u00bb1_2,1_2&#8243; _builder_version=\u00bb4.0.6&#8243; background_color=\u00bb#ffffff\u00bb custom_padding=\u00bb30px|30px|30px|30px|true|true\u00bb box_shadow_style=\u00bbpreset1&#8243; box_shadow_vertical=\u00bb60px\u00bb box_shadow_blur=\u00bb80px\u00bb box_shadow_spread=\u00bb-10px\u00bb box_shadow_color=\u00bbrgba(0,0,0,0.12)\u00bb][et_pb_column_inner type=\u00bb1_2&#8243; saved_specialty_column_type=\u00bb2_3&#8243; _builder_version=\u00bb4.0.6&#8243; custom_padding=\u00bb|||\u00bb custom_padding__hover=\u00bb|||\u00bb][et_pb_text admin_label=\u00bbTexto Feria\u00bb _builder_version=\u00bb4.0.6&#8243; text_font=\u00bbMontserrat||||||||\u00bb text_text_color=\u00bb#000000&#8243; text_font_size=\u00bb15px\u00bb text_line_height=\u00bb1.8em\u00bb header_font=\u00bb|600|||||||\u00bb header_text_color=\u00bb#db8305&#8243; header_3_font=\u00bb|600|||||||\u00bb header_3_text_color=\u00bb#1ec130&#8243; header_3_font_size=\u00bb20px\u00bb header_3_line_height=\u00bb1.4em\u00bb header_4_font=\u00bb|600|||||||\u00bb]<\/p>\n<h3 class=\"et_pb_module_header\">14 hs. Feria de editorxs<\/h3>\n<p>Hasta las 22 hs.<\/p>\n<p>[\/et_pb_text][et_pb_text admin_label=\u00bbTexto 15 editores\u00bb _builder_version=\u00bb4.0.6&#8243; text_font=\u00bbMontserrat||||||||\u00bb text_text_color=\u00bb#000000&#8243; text_font_size=\u00bb15px\u00bb text_line_height=\u00bb1.8em\u00bb header_font=\u00bb|700|||||||\u00bb header_3_font=\u00bb|600|||||||\u00bb header_3_text_color=\u00bb#1271d8&#8243; header_3_font_size=\u00bb20px\u00bb header_3_line_height=\u00bb1.4em\u00bb header_4_font=\u00bb|600|||||||\u00bb]<\/p>\n<h3 class=\"et_pb_module_header\">15 hs. Editorxs por la diversidad<\/h3>\n<p class=\"et_pb_module_header\">Desaf\u00edos y oportunidades. Santiago Kahn, Dafne Pidemunt, Natalia Ort\u00edz Maldonado y Gonzalo Miranda.<\/p>\n<p>[\/et_pb_text][et_pb_button button_text=\u00bbLeer +\u00bb button_alignment=\u00bbleft\u00bb disabled_on=\u00bbon|on|on\u00bb admin_label=\u00bbBot\u00f3n &#8211; Leer m\u00e1s\u00bb _builder_version=\u00bb4.0.6&#8243; custom_button=\u00bbon\u00bb button_text_size=\u00bb15px\u00bb button_text_color=\u00bb#000000&#8243; button_border_width=\u00bb1px\u00bb button_border_color=\u00bb#000000&#8243; button_border_radius=\u00bb0px\u00bb button_letter_spacing=\u00bb1px\u00bb button_font=\u00bbMontserrat|600||on|||||\u00bb button_use_icon=\u00bboff\u00bb custom_margin=\u00bb-20px||||false|false\u00bb custom_padding=\u00bb||||false|false\u00bb disabled=\u00bbon\u00bb][\/et_pb_button][et_pb_text admin_label=\u00bbTexto 15:30 Karen\u00bb _builder_version=\u00bb4.0.6&#8243; text_font=\u00bbMontserrat||||||||\u00bb text_text_color=\u00bb#000000&#8243; text_font_size=\u00bb15px\u00bb text_line_height=\u00bb1.8em\u00bb header_font=\u00bb|700|||||||\u00bb header_3_font=\u00bb|600|||||||\u00bb header_3_text_color=\u00bb#db8305&#8243; header_3_font_size=\u00bb20px\u00bb header_3_line_height=\u00bb1.4em\u00bb header_4_font=\u00bb|600|||||||\u00bb]<\/p>\n<h3 class=\"et_pb_module_header\">15:30 hs. Recital de Karen Bennett<\/h3>\n<p>[\/et_pb_text][et_pb_text admin_label=\u00bbTexto 16:15 Lecturas vivo\u00bb _builder_version=\u00bb4.0.6&#8243; text_font=\u00bbMontserrat||||||||\u00bb text_text_color=\u00bb#000000&#8243; text_font_size=\u00bb15px\u00bb text_line_height=\u00bb1.8em\u00bb header_font=\u00bb|700|||||||\u00bb header_3_font=\u00bb|600|||||||\u00bb header_3_text_color=\u00bb#dd3e3e\u00bb header_3_font_size=\u00bb20px\u00bb header_3_line_height=\u00bb1.4em\u00bb header_4_font=\u00bb|600|||||||\u00bb]<\/p>\n<h3 class=\"et_pb_module_header\">16:15 hs. Lecturas en vivo<\/h3>\n<p class=\"p1\">Gustavo Pecoraro, Tom\u00e1s Litta, Patricia Gonz\u00e1lez L\u00f3pez y Tamara Tenembaum.<\/p>\n<p>[\/et_pb_text][et_pb_text admin_label=\u00bbTexto 17 Lesbilit\u00bb _builder_version=\u00bb4.0.6&#8243; text_font=\u00bbMontserrat||||||||\u00bb text_text_color=\u00bb#000000&#8243; text_font_size=\u00bb15px\u00bb text_line_height=\u00bb1.8em\u00bb header_font=\u00bb|700|||||||\u00bb header_3_font=\u00bb|600|||||||\u00bb header_3_text_color=\u00bb#1271d8&#8243; header_3_font_size=\u00bb20px\u00bb header_3_line_height=\u00bb1.4em\u00bb header_4_font=\u00bb|600|||||||\u00bb]<\/p>\n<h3 class=\"et_pb_module_header\">17 hs. Lesbiliteraturas<\/h3>\n<p class=\"et_pb_module_header\">Qu\u00e9 leen las bisexuales y lesbianas que escriben. Charo M\u00e1rquez, Laura Arn\u00e9s, Silvina Giaganti y Dani Nandez.<\/p>\n<p>[\/et_pb_text][\/et_pb_column_inner][et_pb_column_inner type=\u00bb1_2&#8243; saved_specialty_column_type=\u00bb2_3&#8243; _builder_version=\u00bb3.25&#8243; custom_padding=\u00bb|||\u00bb custom_padding__hover=\u00bb|||\u00bb][et_pb_text admin_label=\u00bbTexto 18&#8243; _builder_version=\u00bb4.0.6&#8243; text_font=\u00bbMontserrat||||||||\u00bb text_text_color=\u00bb#000000&#8243; text_font_size=\u00bb15px\u00bb text_line_height=\u00bb1.8em\u00bb header_font=\u00bb|700|||||||\u00bb header_3_font=\u00bb|600|||||||\u00bb header_3_text_color=\u00bb#db8305&#8243; header_3_font_size=\u00bb20px\u00bb header_3_line_height=\u00bb1.4em\u00bb header_4_font=\u00bb|600|||||||\u00bb]<\/p>\n<h3 class=\"et_pb_module_header\">18 hs. Recital: L\u00fa Mart\u00ednez<\/h3>\n<p>[\/et_pb_text][et_pb_text admin_label=\u00bbTexto 18:30 firma\u00bb _builder_version=\u00bb4.0.6&#8243; text_font=\u00bbMontserrat||||||||\u00bb text_text_color=\u00bb#000000&#8243; text_font_size=\u00bb15px\u00bb text_line_height=\u00bb1.8em\u00bb header_font=\u00bb|700|||||||\u00bb header_3_font=\u00bb|600|||||||\u00bb header_3_text_color=\u00bb#1271d8&#8243; header_3_font_size=\u00bb20px\u00bb header_3_line_height=\u00bb1.4em\u00bb header_4_font=\u00bb|600|||||||\u00bb]<\/p>\n<h3 class=\"et_pb_module_header\">18:30 hs. Firma de ejemplares<\/h3>\n<p class=\"p1\">Camila Sosa Villada &#8211; <em>Las malas<\/em>.<\/p>\n<p>[\/et_pb_text][et_pb_text admin_label=\u00bbTexto 18:45 Lecturas vivo II\u00bb _builder_version=\u00bb4.0.6&#8243; text_font=\u00bbMontserrat||||||||\u00bb text_text_color=\u00bb#000000&#8243; text_font_size=\u00bb15px\u00bb text_line_height=\u00bb1.8em\u00bb header_font=\u00bb|700|||||||\u00bb header_3_font=\u00bb|600|||||||\u00bb header_3_text_color=\u00bb#dd3e3e\u00bb header_3_font_size=\u00bb20px\u00bb header_3_line_height=\u00bb1.4em\u00bb header_4_font=\u00bb|600|||||||\u00bb]<\/p>\n<h3 class=\"et_pb_module_header\">18:45 hs. Lecturas en vivo II<\/h3>\n<p class=\"p1\">Silvina Giaganti, Charo M\u00e1rquez y Laura Arn\u00e9s.<\/p>\n<p>[\/et_pb_text][et_pb_text admin_label=\u00bbTexto 19:30 Las malas\u00bb _builder_version=\u00bb4.0.6&#8243; text_font=\u00bbMontserrat||||||||\u00bb text_text_color=\u00bb#000000&#8243; text_font_size=\u00bb15px\u00bb text_line_height=\u00bb1.8em\u00bb header_font=\u00bb|700|||||||\u00bb header_3_font=\u00bb|600|||||||\u00bb header_3_text_color=\u00bb#1271d8&#8243; header_3_font_size=\u00bb20px\u00bb header_3_line_height=\u00bb1.4em\u00bb header_4_font=\u00bb|600|||||||\u00bb]<\/p>\n<h3 class=\"et_pb_module_header\">19:30 hs. Presentaci\u00f3n de <em>Las malas<\/em><\/h3>\n<p class=\"et_pb_module_header\">De Camila Sosa Villada. En di\u00e1logo con Franco Torchia.<\/p>\n<p>[\/et_pb_text][et_pb_text admin_label=\u00bbTexto 21&#8243; _builder_version=\u00bb4.0.6&#8243; text_font=\u00bbMontserrat||||||||\u00bb text_text_color=\u00bb#000000&#8243; text_font_size=\u00bb15px\u00bb text_line_height=\u00bb1.8em\u00bb header_font=\u00bb|700|||||||\u00bb header_3_font=\u00bb|600|||||||\u00bb header_3_text_color=\u00bb#db8305&#8243; header_3_font_size=\u00bb20px\u00bb header_3_line_height=\u00bb1.4em\u00bb header_4_font=\u00bb|600|||||||\u00bb]<\/p>\n<h3 class=\"et_pb_module_header\">21 hs. Recital de cierre. La Cosa Mostra lesbiset<\/h3>\n<p class=\"et_pb_module_header\">Paula Maffia y Lucy Patan\u00e9.<\/p>\n<p>[\/et_pb_text][\/et_pb_column_inner][\/et_pb_row_inner][\/et_pb_column][\/et_pb_section][et_pb_section fb_built=\u00bb1&#8243; specialty=\u00bbon\u00bb padding_top_1=\u00bb0px\u00bb admin_label=\u00bbEd nuevo\u00bb module_id=\u00bbeditoriales\u00bb _builder_version=\u00bb4.0.6&#8243; custom_margin=\u00bb||||false|false\u00bb][et_pb_column type=\u00bb1_3&#8243; _builder_version=\u00bb3.25&#8243; custom_padding=\u00bb|||\u00bb custom_padding__hover=\u00bb|||\u00bb][et_pb_cta title=\u00bbEditoriales independientes\u00bb admin_label=\u00bbLlamada a la acci\u00f3n &#8211; Editoriales\u00bb _builder_version=\u00bb4.0.6&#8243; header_font=\u00bb|700|||||||\u00bb header_font_size=\u00bb28px\u00bb header_line_height=\u00bb1.4em\u00bb use_background_color_gradient=\u00bbon\u00bb background_color_gradient_start=\u00bb#1ec130&#8243; background_color_gradient_end=\u00bbrgba(30,193,48,0.5)\u00bb background_color_gradient_overlays_image=\u00bbon\u00bb background_image=\u00bbhttps:\/\/alamutlibros.com.ar\/fildi\/wp-content\/uploads\/2019\/11\/pila-libros-4.jpg\u00bb custom_button=\u00bbon\u00bb button_text_size=\u00bb14px\u00bb button_text_color=\u00bb#000062&#8243; button_bg_color=\u00bb#ffffda\u00bb button_border_width=\u00bb12px\u00bb button_border_color=\u00bbrgba(0,0,0,0)\u00bb button_border_radius=\u00bb0px\u00bb button_letter_spacing=\u00bb2px\u00bb button_font=\u00bbMontserrat|700||on|||||\u00bb button_use_icon=\u00bboff\u00bb text_orientation=\u00bbleft\u00bb max_width=\u00bb550px\u00bb max_width_tablet=\u00bb\u00bb max_width_phone=\u00bb\u00bb max_width_last_edited=\u00bbon|tablet\u00bb module_alignment=\u00bbright\u00bb custom_padding=\u00bb||300px\u00bb custom_padding_tablet=\u00bb||60px|\u00bb custom_padding_phone=\u00bb\u00bb custom_padding_last_edited=\u00bbon|phone\u00bb header_font_size_tablet=\u00bb26px\u00bb header_font_size_phone=\u00bb24px\u00bb header_font_size_last_edited=\u00bbon|phone\u00bb border_color_all=\u00bb#ffffff\u00bb box_shadow_style=\u00bbpreset1&#8243; box_shadow_vertical=\u00bb60px\u00bb box_shadow_blur=\u00bb80px\u00bb box_shadow_spread=\u00bb-10px\u00bb box_shadow_color=\u00bbrgba(9,0,71,0.15)\u00bb locked=\u00bboff\u00bb][\/et_pb_cta][\/et_pb_column][et_pb_column type=\u00bb2_3&#8243; specialty_columns=\u00bb2&#8243; _builder_version=\u00bb3.25&#8243; custom_padding=\u00bb|||\u00bb custom_padding__hover=\u00bb|||\u00bb][et_pb_row_inner column_structure=\u00bb1_2,1_2&#8243; disabled_on=\u00bboff|off|off\u00bb _builder_version=\u00bb4.0.6&#8243; background_color=\u00bb#ffffff\u00bb custom_padding=\u00bb30px|30px|30px|30px|true|true\u00bb box_shadow_style=\u00bbpreset1&#8243; box_shadow_vertical=\u00bb60px\u00bb box_shadow_blur=\u00bb80px\u00bb box_shadow_spread=\u00bb-10px\u00bb box_shadow_color=\u00bbrgba(0,0,0,0.12)\u00bb][et_pb_column_inner type=\u00bb1_2&#8243; saved_specialty_column_type=\u00bb2_3&#8243; _builder_version=\u00bb4.0.6&#8243; custom_padding=\u00bb|||\u00bb custom_padding__hover=\u00bb|||\u00bb][et_pb_text disabled_on=\u00bbon|off|off\u00bb admin_label=\u00bbed1 nue\u00bb _builder_version=\u00bb4.0.6&#8243; text_font=\u00bbMontserrat||||||||\u00bb text_text_color=\u00bb#000000&#8243; text_font_size=\u00bb15px\u00bb text_line_height=\u00bb1.8em\u00bb link_text_color=\u00bb#000000&#8243; header_font=\u00bb|700|||||||\u00bb header_3_font=\u00bb|600|||||||\u00bb header_3_text_color=\u00bb#db8305&#8243; header_3_font_size=\u00bb20px\u00bb header_3_line_height=\u00bb1.4em\u00bb header_4_font=\u00bb|600|||||||\u00bb]<\/p>\n<p><a href=\"http:\/\/chirimbote.com.ar\/\" target=\"_blank\" rel=\"noopener noreferrer\">Chirimbote<\/a><\/p>\n<p><a href=\"https:\/\/www.elcuencodeplata.com.ar\/\" target=\"_blank\" rel=\"noopener noreferrer\">El Cuenco de Plata<\/a><\/p>\n<p><a href=\"http:\/\/www.editorial.unlp.edu.ar\/\" target=\"_blank\" rel=\"noopener noreferrer\">Edulp<\/a><\/p>\n<p><a href=\"http:\/\/editorialmadreselva.com.ar\" target=\"_blank\" rel=\"noopener noreferrer\">Madreselva<\/a><\/p>\n<p><a href=\"https:\/\/lamariposaylaiguana.com.ar\/\" target=\"_blank\" rel=\"noopener noreferrer\">La mariposa y la iguana<\/a><\/p>\n<p><a href=\"http:\/\/milenacaserola.blogspot.com\/\" target=\"_blank\" rel=\"noopener noreferrer\">Milena Caserola<\/a><\/p>\n<p><a href=\"https:\/\/hekht.com.ar\" target=\"_blank\" rel=\"noopener noreferrer\">Hekht Libros<\/a><\/p>\n<p><a href=\"http:\/\/www.editorialmolinosdeviento.com\/\" target=\"_blank\" rel=\"noopener noreferrer\">Molinos de Viento<\/a><\/p>\n<p><a href=\"http:\/\/muchas-nueces.com.ar\/\" target=\"_blank\" rel=\"noopener noreferrer\">Muchas Nueces<\/a><\/p>\n<p><a href=\"https:\/\/nulubonsai.com.ar\" target=\"_blank\" rel=\"noopener noreferrer\">Nulu Bonsai<\/a><\/p>\n<p><a href=\"https:\/\/www.facebook.com\/pg\/SarazaEditorial\/\" target=\"_blank\" rel=\"noopener noreferrer\">Saraza<\/a><\/p>\n<p><a href=\"http:\/\/www.revistasudestada.com.ar\/\" target=\"_blank\" rel=\"noopener noreferrer\">Sudestada<\/a><\/p>\n<p>[\/et_pb_text][et_pb_text disabled_on=\u00bboff|on|on\u00bb admin_label=\u00bbed TEL nue\u00bb _builder_version=\u00bb4.0.6&#8243; text_font=\u00bbMontserrat||||||||\u00bb text_text_color=\u00bb#000000&#8243; text_font_size=\u00bb15px\u00bb text_line_height=\u00bb1.8em\u00bb link_text_color=\u00bb#000000&#8243; header_font=\u00bb|700|||||||\u00bb header_3_font=\u00bb|600|||||||\u00bb header_3_text_color=\u00bb#db8305&#8243; header_3_font_size=\u00bb20px\u00bb header_3_line_height=\u00bb1.4em\u00bb header_4_font=\u00bb|600|||||||\u00bb]<\/p>\n<p><a href=\"http:\/\/chirimbote.com.ar\/\" target=\"_blank\" rel=\"noopener noreferrer\">Chirimbote<\/a><\/p>\n<p><a href=\"https:\/\/www.elcuencodeplata.com.ar\/\" target=\"_blank\" rel=\"noopener noreferrer\">El Cuenco de Plata<\/a><\/p>\n<p><a href=\"http:\/\/www.editorial.unlp.edu.ar\/\" target=\"_blank\" rel=\"noopener noreferrer\">Edulp<\/a><\/p>\n<p><a href=\"http:\/\/editorialmadreselva.com.ar\" target=\"_blank\" rel=\"noopener noreferrer\">Madreselva<\/a><\/p>\n<p><a href=\"https:\/\/lamariposaylaiguana.com.ar\/\" target=\"_blank\" rel=\"noopener noreferrer\">La mariposa y la iguana<\/a><\/p>\n<p><a href=\"http:\/\/milenacaserola.blogspot.com\/\" target=\"_blank\" rel=\"noopener noreferrer\">Milena Caserola<\/a><\/p>\n<p><a href=\"https:\/\/hekht.com.ar\" target=\"_blank\" rel=\"noopener noreferrer\">Hekht Libros<\/a><\/p>\n<p><a href=\"http:\/\/www.editorialmolinosdeviento.com\/\" target=\"_blank\" rel=\"noopener noreferrer\">Molinos de Viento<\/a><\/p>\n<p><a href=\"http:\/\/muchas-nueces.com.ar\/\" target=\"_blank\" rel=\"noopener noreferrer\">Muchas Nueces<\/a><\/p>\n<p><a href=\"https:\/\/nulubonsai.com.ar\" target=\"_blank\" rel=\"noopener noreferrer\">Nulu Bonsai<\/a><\/p>\n<p><a href=\"https:\/\/www.facebook.com\/omnivoraeditora\/\" target=\"_blank\" rel=\"noopener noreferrer\">Omn\u00edvora<\/a><\/p>\n<p><a href=\"https:\/\/www.facebook.com\/dagasdelsur\/\" target=\"_blank\" rel=\"noopener noreferrer\">Dagas del Sur<\/a><\/p>\n<p><a href=\"http:\/\/santoslocos.com.ar\" target=\"_blank\" rel=\"noopener noreferrer\">Santos Locos<\/a><\/p>\n<p><a href=\"https:\/\/www.editorialmarea.com.ar\/\" target=\"_blank\" rel=\"noopener noreferrer\">Marea<\/a><\/p>\n<p><a href=\"https:\/\/www.facebook.com\/oasiscuentos\/\" target=\"_blank\" rel=\"noopener noreferrer\">Oasis, cuentos para ni\u00f1xs<\/a><\/p>\n<p><a href=\"http:\/\/brandon.org.ar\/brandon-editorial\/\" target=\"_blank\" rel=\"noopener noreferrer\">Brandon<\/a><\/p>\n<p><a href=\"https:\/\/www.matenalmensajero.com\/\" target=\"_blank\" rel=\"noopener noreferrer\">Maten al Mensajero<\/a><\/p>\n<p><a href=\"http:\/\/edlapartemaldita.com.ar\/\" target=\"_blank\" rel=\"noopener noreferrer\">La Parte Maldita<\/a><\/p>\n<p><a href=\"https:\/\/mansalva.com.ar\/\" target=\"_blank\" rel=\"noopener noreferrer\">Mansalva<\/a><\/p>\n<p><a href=\"https:\/\/www.facebook.com\/gaunart\" target=\"_blank\" rel=\"noopener noreferrer\">Rub\u00e9n Gauna<\/a><\/p>\n<p><a href=\"https:\/\/www.facebook.com\/pg\/SarazaEditorial\/\" target=\"_blank\" rel=\"noopener noreferrer\">Saraza<\/a><\/p>\n<p><a href=\"http:\/\/www.revistasudestada.com.ar\/\" target=\"_blank\" rel=\"noopener noreferrer\">Sudestada<\/a><\/p>\n<p><a href=\"http:\/\/lamonta\u00f1a.com.ar\" target=\"_blank\" rel=\"noopener noreferrer\">La Monta\u00f1a<\/a><\/p>\n<p>[\/et_pb_text][\/et_pb_column_inner][et_pb_column_inner type=\u00bb1_2&#8243; saved_specialty_column_type=\u00bb2_3&#8243; _builder_version=\u00bb3.25&#8243; custom_padding=\u00bb|||\u00bb custom_padding__hover=\u00bb|||\u00bb][et_pb_text disabled_on=\u00bbon|off|off\u00bb admin_label=\u00bbed2 nue\u00bb _builder_version=\u00bb4.0.6&#8243; text_font=\u00bbMontserrat||||||||\u00bb text_text_color=\u00bb#000000&#8243; text_font_size=\u00bb15px\u00bb text_line_height=\u00bb1.8em\u00bb link_text_color=\u00bb#000000&#8243; header_font=\u00bb|700|||||||\u00bb header_3_font=\u00bb|600|||||||\u00bb header_3_text_color=\u00bb#db8305&#8243; header_3_font_size=\u00bb20px\u00bb header_3_line_height=\u00bb1.4em\u00bb header_4_font=\u00bb|600|||||||\u00bb]<\/p>\n<p><a href=\"https:\/\/www.facebook.com\/omnivoraeditora\/\" target=\"_blank\" rel=\"noopener noreferrer\">Omn\u00edvora<\/a><\/p>\n<p><a href=\"https:\/\/www.facebook.com\/dagasdelsur\/\" target=\"_blank\" rel=\"noopener noreferrer\">Dagas del Sur<\/a><\/p>\n<p><a href=\"http:\/\/santoslocos.com.ar\" target=\"_blank\" rel=\"noopener noreferrer\">Santos Locos<\/a><\/p>\n<p><a href=\"https:\/\/www.editorialmarea.com.ar\/\" target=\"_blank\" rel=\"noopener noreferrer\">Marea<\/a><\/p>\n<p><a href=\"https:\/\/www.facebook.com\/oasiscuentos\/\" target=\"_blank\" rel=\"noopener noreferrer\">Oasis, cuentos para ni\u00f1xs<\/a><\/p>\n<p><a href=\"http:\/\/brandon.org.ar\/brandon-editorial\/\" target=\"_blank\" rel=\"noopener noreferrer\">Brandon<\/a><\/p>\n<p><a href=\"https:\/\/www.matenalmensajero.com\/\" target=\"_blank\" rel=\"noopener noreferrer\">Maten al Mensajero<\/a><\/p>\n<p><a href=\"http:\/\/edlapartemaldita.com.ar\/\" target=\"_blank\" rel=\"noopener noreferrer\">La Parte Maldita<\/a><\/p>\n<p><a href=\"https:\/\/mansalva.com.ar\/\" target=\"_blank\" rel=\"noopener noreferrer\">Mansalva<\/a><\/p>\n<p><a href=\"https:\/\/www.facebook.com\/gaunart\" target=\"_blank\" rel=\"noopener noreferrer\">Rub\u00e9n Gauna<\/a><\/p>\n<p><a href=\"http:\/\/lamonta\u00f1a.com.ar\" target=\"_blank\" rel=\"noopener noreferrer\">La Monta\u00f1a<\/a><\/p>\n<p>[\/et_pb_text][\/et_pb_column_inner][\/et_pb_row_inner][\/et_pb_column][\/et_pb_section][et_pb_section fb_built=\u00bb1&#8243; disabled_on=\u00bbon|off|off\u00bb admin_label=\u00bbSecci\u00f3n Separador\u00bb _builder_version=\u00bb4.0.6&#8243; custom_margin=\u00bb0px||0px||false|false\u00bb custom_padding=\u00bb||||false|false\u00bb][\/et_pb_section][et_pb_section fb_built=\u00bb1&#8243; admin_label=\u00bbSection\u00bb _builder_version=\u00bb4.0.6&#8243; background_color=\u00bb#3c3d41&#8243; custom_padding=\u00bb0px||0px|\u00bb custom_padding_tablet=\u00bb0px||0px|\u00bb transparent_background=\u00bboff\u00bb padding_mobile=\u00bbon\u00bb make_fullwidth=\u00bboff\u00bb use_custom_width=\u00bboff\u00bb width_unit=\u00bbon\u00bb][et_pb_row column_structure=\u00bb1_4,1_4,1_4,1_4&#8243; use_custom_gutter=\u00bbon\u00bb gutter_width=\u00bb2&#8243; padding_mobile=\u00bbon\u00bb column_padding_mobile=\u00bbon\u00bb admin_label=\u00bbRow\u00bb _builder_version=\u00bb4.0.6&#8243; background_size=\u00bbinitial\u00bb background_position=\u00bbtop_left\u00bb background_repeat=\u00bbrepeat\u00bb custom_padding=\u00bb50px||50px|\u00bb make_fullwidth=\u00bboff\u00bb use_custom_width=\u00bboff\u00bb width_unit=\u00bbon\u00bb collapsed=\u00bboff\u00bb][et_pb_column type=\u00bb1_4&#8243; _builder_version=\u00bb4.0.6&#8243; custom_padding=\u00bb|||\u00bb custom_padding__hover=\u00bb|||\u00bb][et_pb_image src=\u00bbhttps:\/\/alamutlibros.com.ar\/fildi\/wp-content\/uploads\/2019\/11\/fildi-compl-bl-200.png\u00bb admin_label=\u00bbImagen FILDI\u00bb _builder_version=\u00bb4.0.6&#8243;][\/et_pb_image][et_pb_divider show_divider=\u00bboff\u00bb disabled_on=\u00bbon|on|off\u00bb admin_label=\u00bbDivider\u00bb _builder_version=\u00bb3.23.4&#8243; height=\u00bb10px\u00bb hide_on_mobile=\u00bbon\u00bb][\/et_pb_divider][et_pb_text admin_label=\u00bbText seguinos\u00bb _builder_version=\u00bb4.0.6&#8243; text_font=\u00bb|700|||||||\u00bb text_text_color=\u00bb#666666&#8243; text_font_size=\u00bb18&#8243; text_line_height=\u00bb1.4em\u00bb background_size=\u00bbinitial\u00bb background_position=\u00bbtop_left\u00bb background_repeat=\u00bbrepeat\u00bb custom_margin=\u00bb||8px|\u00bb use_border_color=\u00bboff\u00bb border_color=\u00bb#ffffff\u00bb border_style=\u00bbsolid\u00bb]<\/p>\n<p>SEGUINOS<\/p>\n<p>[\/et_pb_text][et_pb_social_media_follow url_new_window=\u00bboff\u00bb admin_label=\u00bbSocial Media Follow\u00bb _builder_version=\u00bb4.0.6&#8243; border_radii=\u00bbon|100%|100%|100%|100%\u00bb link_shape=\u00bbcircle\u00bb][et_pb_social_media_follow_network social_network=\u00bbfacebook\u00bb url=\u00bbhttps:\/\/www.facebook.com\/FILDI.BuenosAires\/\u00bb icon_color=\u00bb#ffffff\u00bb _builder_version=\u00bb4.0.6&#8243; background_color=\u00bb#666666&#8243; background_enable_color=\u00bbon\u00bb bg_color=\u00bb#3b5998&#8243; link_shape=\u00bbcircle\u00bb follow_button=\u00bboff\u00bb url_new_window=\u00bboff\u00bb]<\/p>\n<p>facebook<\/p>\n<p>[\/et_pb_social_media_follow_network][et_pb_social_media_follow_network social_network=\u00bbinstagram\u00bb url=\u00bbhttps:\/\/www.instagram.com\/fildi.buenosaires\/\u00bb icon_color=\u00bb#ffffff\u00bb _builder_version=\u00bb4.0.6&#8243; background_color=\u00bb#666666&#8243; background_enable_color=\u00bbon\u00bb bg_color=\u00bb#00aced\u00bb link_shape=\u00bbcircle\u00bb follow_button=\u00bboff\u00bb url_new_window=\u00bboff\u00bb]instagram[\/et_pb_social_media_follow_network][\/et_pb_social_media_follow][\/et_pb_column][et_pb_column type=\u00bb1_4&#8243; _builder_version=\u00bb3.25&#8243; custom_padding=\u00bb|||\u00bb custom_padding__hover=\u00bb|||\u00bb][et_pb_text admin_label=\u00bbText Staff\u00bb _builder_version=\u00bb4.0.6&#8243; text_font=\u00bb|700|||||||\u00bb text_text_color=\u00bb#666666&#8243; text_font_size=\u00bb18&#8243; text_line_height=\u00bb1.4em\u00bb background_size=\u00bbinitial\u00bb background_position=\u00bbtop_left\u00bb background_repeat=\u00bbrepeat\u00bb custom_margin=\u00bb||8px|\u00bb use_border_color=\u00bboff\u00bb border_color=\u00bb#ffffff\u00bb border_style=\u00bbsolid\u00bb]<\/p>\n<p>STAFF<\/p>\n<p>[\/et_pb_text][et_pb_text admin_label=\u00bbText\u00bb _builder_version=\u00bb4.0.6&#8243; text_font=\u00bbSource Sans Pro||||\u00bb text_text_color=\u00bb#ffffff\u00bb text_font_size=\u00bb16px\u00bb text_line_height=\u00bb2.1em\u00bb background_size=\u00bbinitial\u00bb background_position=\u00bbtop_left\u00bb background_repeat=\u00bbrepeat\u00bb custom_padding=\u00bb0px|||\u00bb use_border_color=\u00bboff\u00bb border_color=\u00bb#ffffff\u00bb border_style=\u00bbsolid\u00bb]<\/p>\n<p>Direcci\u00f3n:\u00a0Dani Nandez<br \/>Producci\u00f3n: Parda Producciones<br \/>Comunicaci\u00f3n: Mariana Giffoni<br \/>Imagen: Valeria Meneguzzi<br \/>Dise\u00f1o Web: <span style=\"color: #ffffff;\"><a style=\"color: #ffffff;\" href=\"https:\/\/unisonet.com.ar\/\">Unisonet<\/a><\/span><\/p>\n<p>[\/et_pb_text][et_pb_text admin_label=\u00bbText Agradecimientos\u00bb _builder_version=\u00bb4.0.6&#8243; text_font=\u00bb|700|||||||\u00bb text_text_color=\u00bb#666666&#8243; text_font_size=\u00bb18&#8243; text_line_height=\u00bb1.4em\u00bb background_size=\u00bbinitial\u00bb background_position=\u00bbtop_left\u00bb background_repeat=\u00bbrepeat\u00bb custom_margin=\u00bb||8px|\u00bb use_border_color=\u00bboff\u00bb border_color=\u00bb#ffffff\u00bb border_style=\u00bbsolid\u00bb]<\/p>\n<p>AGRADECIMIENTOS<\/p>\n<p>[\/et_pb_text][et_pb_image src=\u00bbhttps:\/\/alamutlibros.com.ar\/fildi\/wp-content\/uploads\/2019\/11\/marca-BA-bl-1.png\u00bb url_new_window=\u00bbon\u00bb admin_label=\u00bbImagen BA\u00bb _builder_version=\u00bb4.0.6&#8243;][\/et_pb_image][et_pb_image src=\u00bbhttps:\/\/alamutlibros.com.ar\/fildi\/wp-content\/uploads\/2019\/11\/logo-el-vahido-2.png\u00bb url_new_window=\u00bbon\u00bb admin_label=\u00bbImagen Vhaido\u00bb _builder_version=\u00bb4.0.6&#8243;][\/et_pb_image][et_pb_image src=\u00bbhttps:\/\/alamutlibros.com.ar\/fildi\/wp-content\/uploads\/2019\/12\/dorina-cafe4.png\u00bb url_new_window=\u00bbon\u00bb admin_label=\u00bbImagen Dorina\u00bb _builder_version=\u00bb4.0.6&#8243;][\/et_pb_image][\/et_pb_column][et_pb_column type=\u00bb1_4&#8243; _builder_version=\u00bb3.25&#8243; custom_padding=\u00bb|||\u00bb custom_padding__hover=\u00bb|||\u00bb][et_pb_text admin_label=\u00bbText SEDE\u00bb _builder_version=\u00bb4.0.6&#8243; text_font=\u00bb|700|||||||\u00bb text_text_color=\u00bb#666666&#8243; text_font_size=\u00bb18&#8243; text_line_height=\u00bb1.4em\u00bb background_size=\u00bbinitial\u00bb background_position=\u00bbtop_left\u00bb background_repeat=\u00bbrepeat\u00bb custom_margin=\u00bb||8px|\u00bb use_border_color=\u00bboff\u00bb border_color=\u00bb#ffffff\u00bb border_style=\u00bbsolid\u00bb]<\/p>\n<p>SEDE CENTRAL<\/p>\n<p>[\/et_pb_text][et_pb_text admin_label=\u00bbText Alamut\u00bb _builder_version=\u00bb4.0.6&#8243; text_font=\u00bbSource Sans Pro||||\u00bb text_text_color=\u00bb#ffffff\u00bb text_font_size=\u00bb16px\u00bb text_line_height=\u00bb2.1em\u00bb link_text_color=\u00bb#ffffff\u00bb background_size=\u00bbinitial\u00bb background_position=\u00bbtop_left\u00bb background_repeat=\u00bbrepeat\u00bb custom_padding=\u00bb0px|||\u00bb use_border_color=\u00bboff\u00bb border_color=\u00bb#ffffff\u00bb border_style=\u00bbsolid\u00bb]<\/p>\n<p><span style=\"color: #ffffff;\"><a href=\"https:\/\/alamutlibros.com.ar\/\">Alamut Libros<\/a><br \/>Tel. 4833-9184<br \/>Borges 1985,\u00a0 Palermo, CABA<\/span><\/p>\n<p>[\/et_pb_text][et_pb_image src=\u00bbhttps:\/\/alamutlibros.com.ar\/fildi\/wp-content\/uploads\/2019\/11\/logo-alamut-libros-120.png\u00bb url=\u00bbhttps:\/\/alamutlibros.com.ar\/\u00bb url_new_window=\u00bbon\u00bb admin_label=\u00bbImagen logo Alamut\u00bb _builder_version=\u00bb4.0.6&#8243;][\/et_pb_image][\/et_pb_column][et_pb_column type=\u00bb1_4&#8243; _builder_version=\u00bb3.25&#8243; custom_padding=\u00bb|||\u00bb custom_padding__hover=\u00bb|||\u00bb][et_pb_text admin_label=\u00bbText ubicaci\u00f3n\u00bb _builder_version=\u00bb4.0.6&#8243; text_font=\u00bb|700|||||||\u00bb text_text_color=\u00bb#666666&#8243; text_font_size=\u00bb18&#8243; text_line_height=\u00bb1.4em\u00bb background_size=\u00bbinitial\u00bb background_position=\u00bbtop_left\u00bb background_repeat=\u00bbrepeat\u00bb custom_margin=\u00bb||8px|\u00bb use_border_color=\u00bboff\u00bb border_color=\u00bb#ffffff\u00bb border_style=\u00bbsolid\u00bb]<\/p>\n<p>UBICACI\u00d3N<\/p>\n<p>[\/et_pb_text][et_pb_code admin_label=\u00bbC\u00f3digo mapa\u00bb _builder_version=\u00bb4.0.6&#8243;]<iframe loading=\"lazy\" src=\"https:\/\/www.google.com\/maps\/embed?pb=!1m18!1m12!1m3!1d3284.7042991163903!2d-58.42833028477072!3d-34.586347980464055!2m3!1f0!2f0!3f0!3m2!1i1024!2i768!4f13.1!3m3!1m2!1s0x95bcb586638b6c37%3A0xf1f9da70207609d0!2sJorge%20Luis%20Borges%201985%2C%20C1414%20DGG%2C%20Buenos%20Aires!5e0!3m2!1ses!2sar!4v1574690847118!5m2!1ses!2sar\" width=\"400\" height=\"200\" frameborder=\"0\" style=\"border:0;\" allowfullscreen=\"\"><\/iframe>[\/et_pb_code][et_pb_text admin_label=\u00bbText dire\u00bb _builder_version=\u00bb4.0.6&#8243; text_font=\u00bbSource Sans Pro||||\u00bb text_text_color=\u00bb#ffffff\u00bb text_font_size=\u00bb16px\u00bb text_line_height=\u00bb1.6em\u00bb background_size=\u00bbinitial\u00bb background_position=\u00bbtop_left\u00bb background_repeat=\u00bbrepeat\u00bb custom_padding=\u00bb0px|||\u00bb use_border_color=\u00bboff\u00bb border_color=\u00bb#ffffff\u00bb border_style=\u00bbsolid\u00bb]<\/p>\n<p><span style=\"color: #ffffff;\">Calle Borges entre Soler y Nicaragua, Palermo, CABA<\/span><\/p>\n<p>[\/et_pb_text][\/et_pb_column][\/et_pb_row][\/et_pb_section]<\/p>\n","protected":false},"excerpt":{"rendered":"<p>19:30 hs. Presentaci\u00f3n de Los machos se duermen primero De Rodolfo Omar Serio. En di\u00e1logo con Dani Nandez, Alejandro Modarelli y Gustavo Pecoraro. 14 hs. Feria de editorxs Hasta las 22 hs.15 hs. Editorxs por la diversidad Desaf\u00edos y oportunidades. Santiago Kahn, Dafne Pidemunt, Natalia Ort\u00edz Maldonado y Gonzalo Miranda.15:30 hs. Recital de Karen Bennett16:15 [&hellip;]<\/p>\n","protected":false},"author":1,"featured_media":680,"parent":0,"menu_order":0,"comment_status":"closed","ping_status":"closed","template":"","meta":{"_et_pb_use_builder":"on","_et_pb_old_content":"","_et_gb_content_width":"","footnotes":""},"class_list":["post-549","page","type-page","status-publish","has-post-thumbnail","hentry"],"yoast_head":"<!-- This site is optimized with the Yoast SEO plugin v28.0 - https:\/\/yoast.com\/product\/yoast-seo-wordpress\/ -->\n<title>Actividades - FILDI 2019<\/title>\n<meta name=\"robots\" content=\"index, follow, max-snippet:-1, max-image-preview:large, max-video-preview:-1\" \/>\n<link rel=\"canonical\" href=\"https:\/\/alamutlibros.com.ar\/fildi\/actividades\/\" \/>\n<meta property=\"og:locale\" content=\"es_ES\" \/>\n<meta property=\"og:type\" content=\"article\" \/>\n<meta property=\"og:title\" content=\"Actividades - FILDI 2019\" \/>\n<meta property=\"og:description\" content=\"19:30 hs. Presentaci\u00f3n de Los machos se duermen primero De Rodolfo Omar Serio. En di\u00e1logo con Dani Nandez, Alejandro Modarelli y Gustavo Pecoraro. 14 hs. Feria de editorxs Hasta las 22 hs.15 hs. Editorxs por la diversidad Desaf\u00edos y oportunidades. Santiago Kahn, Dafne Pidemunt, Natalia Ort\u00edz Maldonado y Gonzalo Miranda.15:30 hs. Recital de Karen Bennett16:15 [&hellip;]\" \/>\n<meta property=\"og:url\" content=\"https:\/\/alamutlibros.com.ar\/fildi\/actividades\/\" \/>\n<meta property=\"og:site_name\" content=\"FILDI 2019\" \/>\n<meta property=\"article:publisher\" content=\"https:\/\/www.facebook.com\/FILDI.BuenosAires\/\" \/>\n<meta property=\"article:modified_time\" content=\"2019-12-05T18:30:35+00:00\" \/>\n<meta property=\"og:image\" content=\"https:\/\/alamutlibros.com.ar\/fildi\/wp-content\/uploads\/2019\/11\/ejemplo-foto.jpg\" \/>\n\t<meta property=\"og:image:width\" content=\"800\" \/>\n\t<meta property=\"og:image:height\" content=\"1003\" \/>\n\t<meta property=\"og:image:type\" content=\"image\/jpeg\" \/>\n<meta name=\"twitter:card\" content=\"summary_large_image\" \/>\n<meta name=\"twitter:label1\" content=\"Tiempo de lectura\" \/>\n\t<meta name=\"twitter:data1\" content=\"15 minutos\" \/>\n<script type=\"application\/ld+json\" class=\"yoast-schema-graph\">{\"@context\":\"https:\\\/\\\/schema.org\",\"@graph\":[{\"@type\":\"WebPage\",\"@id\":\"https:\\\/\\\/alamutlibros.com.ar\\\/fildi\\\/actividades\\\/\",\"url\":\"https:\\\/\\\/alamutlibros.com.ar\\\/fildi\\\/actividades\\\/\",\"name\":\"Actividades - FILDI 2019\",\"isPartOf\":{\"@id\":\"https:\\\/\\\/alamutlibros.com.ar\\\/fildi\\\/#website\"},\"primaryImageOfPage\":{\"@id\":\"https:\\\/\\\/alamutlibros.com.ar\\\/fildi\\\/actividades\\\/#primaryimage\"},\"image\":{\"@id\":\"https:\\\/\\\/alamutlibros.com.ar\\\/fildi\\\/actividades\\\/#primaryimage\"},\"thumbnailUrl\":\"https:\\\/\\\/alamutlibros.com.ar\\\/fildi\\\/wp-content\\\/uploads\\\/2019\\\/11\\\/ejemplo-foto.jpg\",\"datePublished\":\"2019-11-21T22:42:45+00:00\",\"dateModified\":\"2019-12-05T18:30:35+00:00\",\"breadcrumb\":{\"@id\":\"https:\\\/\\\/alamutlibros.com.ar\\\/fildi\\\/actividades\\\/#breadcrumb\"},\"inLanguage\":\"es\",\"potentialAction\":[{\"@type\":\"ReadAction\",\"target\":[\"https:\\\/\\\/alamutlibros.com.ar\\\/fildi\\\/actividades\\\/\"]}]},{\"@type\":\"ImageObject\",\"inLanguage\":\"es\",\"@id\":\"https:\\\/\\\/alamutlibros.com.ar\\\/fildi\\\/actividades\\\/#primaryimage\",\"url\":\"https:\\\/\\\/alamutlibros.com.ar\\\/fildi\\\/wp-content\\\/uploads\\\/2019\\\/11\\\/ejemplo-foto.jpg\",\"contentUrl\":\"https:\\\/\\\/alamutlibros.com.ar\\\/fildi\\\/wp-content\\\/uploads\\\/2019\\\/11\\\/ejemplo-foto.jpg\",\"width\":800,\"height\":1003},{\"@type\":\"BreadcrumbList\",\"@id\":\"https:\\\/\\\/alamutlibros.com.ar\\\/fildi\\\/actividades\\\/#breadcrumb\",\"itemListElement\":[{\"@type\":\"ListItem\",\"position\":1,\"name\":\"Portada\",\"item\":\"https:\\\/\\\/alamutlibros.com.ar\\\/fildi\\\/\"},{\"@type\":\"ListItem\",\"position\":2,\"name\":\"Actividades\"}]},{\"@type\":\"WebSite\",\"@id\":\"https:\\\/\\\/alamutlibros.com.ar\\\/fildi\\\/#website\",\"url\":\"https:\\\/\\\/alamutlibros.com.ar\\\/fildi\\\/\",\"name\":\"FILDI 2019\",\"description\":\"Festival Internacional del Libro de la Diversidad\",\"potentialAction\":[{\"@type\":\"SearchAction\",\"target\":{\"@type\":\"EntryPoint\",\"urlTemplate\":\"https:\\\/\\\/alamutlibros.com.ar\\\/fildi\\\/?s={search_term_string}\"},\"query-input\":{\"@type\":\"PropertyValueSpecification\",\"valueRequired\":true,\"valueName\":\"search_term_string\"}}],\"inLanguage\":\"es\"}]}<\/script>\n<!-- \/ Yoast SEO plugin. -->","yoast_head_json":{"title":"Actividades - FILDI 2019","robots":{"index":"index","follow":"follow","max-snippet":"max-snippet:-1","max-image-preview":"max-image-preview:large","max-video-preview":"max-video-preview:-1"},"canonical":"https:\/\/alamutlibros.com.ar\/fildi\/actividades\/","og_locale":"es_ES","og_type":"article","og_title":"Actividades - FILDI 2019","og_description":"19:30 hs. Presentaci\u00f3n de Los machos se duermen primero De Rodolfo Omar Serio. En di\u00e1logo con Dani Nandez, Alejandro Modarelli y Gustavo Pecoraro. 14 hs. Feria de editorxs Hasta las 22 hs.15 hs. Editorxs por la diversidad Desaf\u00edos y oportunidades. Santiago Kahn, Dafne Pidemunt, Natalia Ort\u00edz Maldonado y Gonzalo Miranda.15:30 hs. Recital de Karen Bennett16:15 [&hellip;]","og_url":"https:\/\/alamutlibros.com.ar\/fildi\/actividades\/","og_site_name":"FILDI 2019","article_publisher":"https:\/\/www.facebook.com\/FILDI.BuenosAires\/","article_modified_time":"2019-12-05T18:30:35+00:00","og_image":[{"width":800,"height":1003,"url":"https:\/\/alamutlibros.com.ar\/fildi\/wp-content\/uploads\/2019\/11\/ejemplo-foto.jpg","type":"image\/jpeg"}],"twitter_card":"summary_large_image","twitter_misc":{"Tiempo de lectura":"15 minutos"},"schema":{"@context":"https:\/\/schema.org","@graph":[{"@type":"WebPage","@id":"https:\/\/alamutlibros.com.ar\/fildi\/actividades\/","url":"https:\/\/alamutlibros.com.ar\/fildi\/actividades\/","name":"Actividades - FILDI 2019","isPartOf":{"@id":"https:\/\/alamutlibros.com.ar\/fildi\/#website"},"primaryImageOfPage":{"@id":"https:\/\/alamutlibros.com.ar\/fildi\/actividades\/#primaryimage"},"image":{"@id":"https:\/\/alamutlibros.com.ar\/fildi\/actividades\/#primaryimage"},"thumbnailUrl":"https:\/\/alamutlibros.com.ar\/fildi\/wp-content\/uploads\/2019\/11\/ejemplo-foto.jpg","datePublished":"2019-11-21T22:42:45+00:00","dateModified":"2019-12-05T18:30:35+00:00","breadcrumb":{"@id":"https:\/\/alamutlibros.com.ar\/fildi\/actividades\/#breadcrumb"},"inLanguage":"es","potentialAction":[{"@type":"ReadAction","target":["https:\/\/alamutlibros.com.ar\/fildi\/actividades\/"]}]},{"@type":"ImageObject","inLanguage":"es","@id":"https:\/\/alamutlibros.com.ar\/fildi\/actividades\/#primaryimage","url":"https:\/\/alamutlibros.com.ar\/fildi\/wp-content\/uploads\/2019\/11\/ejemplo-foto.jpg","contentUrl":"https:\/\/alamutlibros.com.ar\/fildi\/wp-content\/uploads\/2019\/11\/ejemplo-foto.jpg","width":800,"height":1003},{"@type":"BreadcrumbList","@id":"https:\/\/alamutlibros.com.ar\/fildi\/actividades\/#breadcrumb","itemListElement":[{"@type":"ListItem","position":1,"name":"Portada","item":"https:\/\/alamutlibros.com.ar\/fildi\/"},{"@type":"ListItem","position":2,"name":"Actividades"}]},{"@type":"WebSite","@id":"https:\/\/alamutlibros.com.ar\/fildi\/#website","url":"https:\/\/alamutlibros.com.ar\/fildi\/","name":"FILDI 2019","description":"Festival Internacional del Libro de la Diversidad","potentialAction":[{"@type":"SearchAction","target":{"@type":"EntryPoint","urlTemplate":"https:\/\/alamutlibros.com.ar\/fildi\/?s={search_term_string}"},"query-input":{"@type":"PropertyValueSpecification","valueRequired":true,"valueName":"search_term_string"}}],"inLanguage":"es"}]}},"_links":{"self":[{"href":"https:\/\/alamutlibros.com.ar\/fildi\/wp-json\/wp\/v2\/pages\/549","targetHints":{"allow":["GET"]}}],"collection":[{"href":"https:\/\/alamutlibros.com.ar\/fildi\/wp-json\/wp\/v2\/pages"}],"about":[{"href":"https:\/\/alamutlibros.com.ar\/fildi\/wp-json\/wp\/v2\/types\/page"}],"author":[{"embeddable":true,"href":"https:\/\/alamutlibros.com.ar\/fildi\/wp-json\/wp\/v2\/users\/1"}],"replies":[{"embeddable":true,"href":"https:\/\/alamutlibros.com.ar\/fildi\/wp-json\/wp\/v2\/comments?post=549"}],"version-history":[{"count":164,"href":"https:\/\/alamutlibros.com.ar\/fildi\/wp-json\/wp\/v2\/pages\/549\/revisions"}],"predecessor-version":[{"id":4286,"href":"https:\/\/alamutlibros.com.ar\/fildi\/wp-json\/wp\/v2\/pages\/549\/revisions\/4286"}],"wp:featuredmedia":[{"embeddable":true,"href":"https:\/\/alamutlibros.com.ar\/fildi\/wp-json\/wp\/v2\/media\/680"}],"wp:attachment":[{"href":"https:\/\/alamutlibros.com.ar\/fildi\/wp-json\/wp\/v2\/media?parent=549"}],"curies":[{"name":"wp","href":"https:\/\/api.w.org\/{rel}","templated":true}]}}