{"id":4287,"date":"2019-12-10T14:34:26","date_gmt":"2019-12-10T14:34:26","guid":{"rendered":"https:\/\/alamutlibros.com.ar\/fildi\/?page_id=4287"},"modified":"2019-12-12T11:49:06","modified_gmt":"2019-12-12T11:49:06","slug":"galeria","status":"publish","type":"page","link":"https:\/\/alamutlibros.com.ar\/fildi\/galeria\/","title":{"rendered":"Galer\u00eda"},"content":{"rendered":"<p>[et_pb_section fb_built=\u00bb1&#8243; disabled_on=\u00bbon|off|off\u00bb admin_label=\u00bbSecci\u00f3n Separador\u00bb _builder_version=\u00bb4.0.6&#8243; custom_margin=\u00bb0px||0px||false|false\u00bb custom_padding=\u00bb0px||||false|false\u00bb][\/et_pb_section][et_pb_section fb_built=\u00bb1&#8243; specialty=\u00bbon\u00bb padding_top_1=\u00bb0px\u00bb admin_label=\u00bbEd\u00bb module_id=\u00bbeditoriales\u00bb _builder_version=\u00bb4.0.6&#8243; custom_margin=\u00bb||||false|false\u00bb][et_pb_column type=\u00bb1_3&#8243; _builder_version=\u00bb3.25&#8243; custom_padding=\u00bb|||\u00bb custom_padding__hover=\u00bb|||\u00bb][et_pb_cta title=\u00bbGaler\u00eda\u00bb button_url=\u00bb#\u00bb admin_label=\u00bbLlamada a la acci\u00f3n &#8211; gale\u00bb _builder_version=\u00bb4.0.6&#8243; header_font=\u00bb|700|||||||\u00bb header_font_size=\u00bb28px\u00bb header_line_height=\u00bb1.4em\u00bb use_background_color_gradient=\u00bbon\u00bb background_color_gradient_start=\u00bb#f2d300&#8243; background_color_gradient_end=\u00bbrgba(242,211,0,0.5)\u00bb background_color_gradient_overlays_image=\u00bbon\u00bb background_image=\u00bbhttps:\/\/alamutlibros.com.ar\/fildi\/wp-content\/uploads\/2019\/12\/gale-fildi.jpg\u00bb custom_button=\u00bbon\u00bb button_text_size=\u00bb14px\u00bb button_text_color=\u00bb#000062&#8243; button_bg_color=\u00bb#ffffda\u00bb button_border_width=\u00bb12px\u00bb button_border_color=\u00bbrgba(0,0,0,0)\u00bb button_border_radius=\u00bb0px\u00bb button_letter_spacing=\u00bb2px\u00bb button_font=\u00bbMontserrat|700||on|||||\u00bb button_use_icon=\u00bboff\u00bb text_orientation=\u00bbleft\u00bb max_width=\u00bb550px\u00bb max_width_tablet=\u00bb\u00bb max_width_phone=\u00bb\u00bb max_width_last_edited=\u00bbon|tablet\u00bb module_alignment=\u00bbright\u00bb custom_padding=\u00bb||300px\u00bb custom_padding_tablet=\u00bb||60px|\u00bb custom_padding_phone=\u00bb\u00bb custom_padding_last_edited=\u00bbon|phone\u00bb header_font_size_tablet=\u00bb26px\u00bb header_font_size_phone=\u00bb24px\u00bb header_font_size_last_edited=\u00bbon|desktop\u00bb border_color_all=\u00bb#ffffff\u00bb box_shadow_style=\u00bbpreset1&#8243; box_shadow_vertical=\u00bb60px\u00bb box_shadow_blur=\u00bb80px\u00bb box_shadow_spread=\u00bb-10px\u00bb box_shadow_color=\u00bbrgba(9,0,71,0.15)\u00bb locked=\u00bboff\u00bb][\/et_pb_cta][\/et_pb_column][et_pb_column type=\u00bb2_3&#8243; specialty_columns=\u00bb2&#8243; _builder_version=\u00bb3.25&#8243; custom_padding=\u00bb|||\u00bb custom_padding__hover=\u00bb|||\u00bb][et_pb_row_inner admin_label=\u00bbFila videos\u00bb _builder_version=\u00bb4.0.6&#8243; background_color=\u00bb#ffffff\u00bb custom_padding=\u00bb0px||||false|true\u00bb][et_pb_column_inner saved_specialty_column_type=\u00bb2_3&#8243; _builder_version=\u00bb4.0.6&#8243;][et_pb_video_slider _builder_version=\u00bb4.0.6&#8243;][et_pb_video_slider_item src=\u00bbhttps:\/\/alamutlibros.com.ar\/fildi\/wp-content\/uploads\/2019\/12\/FILDIMALAS.mp4&#8243; image_src=\u00bbhttps:\/\/alamutlibros.com.ar\/fildi\/wp-content\/uploads\/2019\/12\/camila.jpg\u00bb _builder_version=\u00bb4.0.6&#8243; show_image_overlay=\u00bboff\u00bb][\/et_pb_video_slider_item][et_pb_video_slider_item src=\u00bbhttps:\/\/alamutlibros.com.ar\/fildi\/wp-content\/uploads\/2019\/12\/la-cosa-mostra.mp4&#8243; image_src=\u00bbhttps:\/\/alamutlibros.com.ar\/fildi\/wp-content\/uploads\/2019\/12\/la-cosa-mostra-carat.jpg\u00bb _builder_version=\u00bb4.0.6&#8243; show_image_overlay=\u00bboff\u00bb][\/et_pb_video_slider_item][et_pb_video_slider_item src=\u00bbhttps:\/\/alamutlibros.com.ar\/fildi\/wp-content\/uploads\/2019\/12\/FILDIPecoleemachos.mp4&#8243; image_src=\u00bbhttps:\/\/alamutlibros.com.ar\/fildi\/wp-content\/uploads\/2019\/12\/machos.jpg\u00bb _builder_version=\u00bb4.0.6&#8243; show_image_overlay=\u00bboff\u00bb][\/et_pb_video_slider_item][et_pb_video_slider_item src=\u00bbhttps:\/\/alamutlibros.com.ar\/fildi\/wp-content\/uploads\/2019\/12\/Fildipost2.mp4&#8243; image_src=\u00bbhttps:\/\/alamutlibros.com.ar\/fildi\/wp-content\/uploads\/2019\/12\/gente.jpg\u00bb _builder_version=\u00bb4.0.6&#8243; show_image_overlay=\u00bboff\u00bb][\/et_pb_video_slider_item][et_pb_video_slider_item src=\u00bbhttps:\/\/alamutlibros.com.ar\/fildi\/wp-content\/uploads\/2019\/12\/FildiLauraArnes.mp4&#8243; image_src=\u00bbhttps:\/\/alamutlibros.com.ar\/fildi\/wp-content\/uploads\/2019\/12\/laura.jpg\u00bb _builder_version=\u00bb4.0.6&#8243; show_image_overlay=\u00bboff\u00bb][\/et_pb_video_slider_item][et_pb_video_slider_item src=\u00bbhttps:\/\/alamutlibros.com.ar\/fildi\/wp-content\/uploads\/2019\/12\/FILDIMALASTORCHIA.mp4&#8243; image_src=\u00bbhttps:\/\/alamutlibros.com.ar\/fildi\/wp-content\/uploads\/2019\/12\/torchia.jpg\u00bb _builder_version=\u00bb4.0.6&#8243; show_image_overlay=\u00bboff\u00bb][\/et_pb_video_slider_item][\/et_pb_video_slider][\/et_pb_column_inner][\/et_pb_row_inner][et_pb_row_inner disabled_on=\u00bboff|off|off\u00bb _builder_version=\u00bb4.0.6&#8243; background_color=\u00bb#ffffff\u00bb custom_margin=\u00bb40px||||false|false\u00bb custom_padding=\u00bb30px|30px|30px|30px|true|true\u00bb box_shadow_style=\u00bbpreset1&#8243; box_shadow_vertical=\u00bb60px\u00bb box_shadow_blur=\u00bb80px\u00bb box_shadow_spread=\u00bb-10px\u00bb box_shadow_color=\u00bbrgba(0,0,0,0.12)\u00bb][et_pb_column_inner saved_specialty_column_type=\u00bb2_3&#8243; _builder_version=\u00bb4.0.6&#8243; custom_padding=\u00bb|||\u00bb custom_padding__hover=\u00bb|||\u00bb][et_pb_gallery gallery_ids=\u00bb4442,4443,4444,4445,4446,4447,4448,4449,4450,4451,4452,4453,4454,4455,4456,4457,4458,4459,4460,4461,4462,4463,4464,4465,4466,4467,4468,4469,4470,4471,4472,4473,4474,4475,4476,4477,4478,4479,4480,4481,4482,4483,4484,4485,4486,4487,4488,4489,4490,4491,4492,4499,4500,4501,4502,4503,4504,4505,4506,4540&#8243; gallery_orderby=\u00bbrand\u00bb posts_number=\u00bb10&#8243; hover_overlay_color=\u00bbrgba(255,255,255,0.8)\u00bb hover_icon=\u00bb%%52%%\u00bb admin_label=\u00bbGaler\u00eda fotos\u00bb _builder_version=\u00bb4.0.6&#8243; title_text_color=\u00bb#000000&#8243; title_font_size=\u00bb15px\u00bb hover_enabled=\u00bb0&#8243;][\/et_pb_gallery][\/et_pb_column_inner][\/et_pb_row_inner][\/et_pb_column][\/et_pb_section][et_pb_section fb_built=\u00bb1&#8243; disabled_on=\u00bbon|off|off\u00bb admin_label=\u00bbSecci\u00f3n Separador\u00bb _builder_version=\u00bb4.0.6&#8243; custom_margin=\u00bb0px||0px||false|false\u00bb custom_padding=\u00bb||||false|false\u00bb][\/et_pb_section][et_pb_section fb_built=\u00bb1&#8243; admin_label=\u00bbSection\u00bb _builder_version=\u00bb4.0.6&#8243; background_color=\u00bb#3c3d41&#8243; custom_padding=\u00bb0px||0px|\u00bb custom_padding_tablet=\u00bb0px||0px|\u00bb transparent_background=\u00bboff\u00bb padding_mobile=\u00bbon\u00bb make_fullwidth=\u00bboff\u00bb use_custom_width=\u00bboff\u00bb width_unit=\u00bbon\u00bb][et_pb_row column_structure=\u00bb1_4,1_4,1_4,1_4&#8243; use_custom_gutter=\u00bbon\u00bb gutter_width=\u00bb2&#8243; padding_mobile=\u00bbon\u00bb column_padding_mobile=\u00bbon\u00bb admin_label=\u00bbRow\u00bb _builder_version=\u00bb4.0.6&#8243; background_size=\u00bbinitial\u00bb background_position=\u00bbtop_left\u00bb background_repeat=\u00bbrepeat\u00bb custom_padding=\u00bb50px||50px|\u00bb make_fullwidth=\u00bboff\u00bb use_custom_width=\u00bboff\u00bb width_unit=\u00bbon\u00bb collapsed=\u00bboff\u00bb][et_pb_column type=\u00bb1_4&#8243; _builder_version=\u00bb4.0.6&#8243; custom_padding=\u00bb|||\u00bb custom_padding__hover=\u00bb|||\u00bb][et_pb_image src=\u00bbhttps:\/\/alamutlibros.com.ar\/fildi\/wp-content\/uploads\/2019\/11\/fildi-compl-bl-200.png\u00bb admin_label=\u00bbImagen FILDI\u00bb _builder_version=\u00bb4.0.6&#8243;][\/et_pb_image][et_pb_divider show_divider=\u00bboff\u00bb disabled_on=\u00bbon|on|off\u00bb admin_label=\u00bbDivider\u00bb _builder_version=\u00bb3.23.4&#8243; height=\u00bb10px\u00bb hide_on_mobile=\u00bbon\u00bb][\/et_pb_divider][et_pb_text admin_label=\u00bbText seguinos\u00bb _builder_version=\u00bb4.0.6&#8243; text_font=\u00bb|700|||||||\u00bb text_text_color=\u00bb#666666&#8243; text_font_size=\u00bb18&#8243; text_line_height=\u00bb1.4em\u00bb background_size=\u00bbinitial\u00bb background_position=\u00bbtop_left\u00bb background_repeat=\u00bbrepeat\u00bb custom_margin=\u00bb||8px|\u00bb use_border_color=\u00bboff\u00bb border_color=\u00bb#ffffff\u00bb border_style=\u00bbsolid\u00bb]<\/p>\n<p>SEGUINOS<\/p>\n<p>[\/et_pb_text][et_pb_social_media_follow url_new_window=\u00bboff\u00bb admin_label=\u00bbSocial Media Follow\u00bb _builder_version=\u00bb4.0.6&#8243; border_radii=\u00bbon|100%|100%|100%|100%\u00bb link_shape=\u00bbcircle\u00bb][et_pb_social_media_follow_network social_network=\u00bbfacebook\u00bb url=\u00bbhttps:\/\/www.facebook.com\/FILDI.BuenosAires\/\u00bb icon_color=\u00bb#ffffff\u00bb _builder_version=\u00bb4.0.6&#8243; background_color=\u00bb#666666&#8243; background_enable_color=\u00bbon\u00bb bg_color=\u00bb#3b5998&#8243; link_shape=\u00bbcircle\u00bb follow_button=\u00bboff\u00bb url_new_window=\u00bboff\u00bb]<\/p>\n<p>facebook<\/p>\n<p>[\/et_pb_social_media_follow_network][et_pb_social_media_follow_network social_network=\u00bbinstagram\u00bb url=\u00bbhttps:\/\/www.instagram.com\/fildi.buenosaires\/\u00bb icon_color=\u00bb#ffffff\u00bb _builder_version=\u00bb4.0.6&#8243; background_color=\u00bb#666666&#8243; background_enable_color=\u00bbon\u00bb bg_color=\u00bb#00aced\u00bb link_shape=\u00bbcircle\u00bb follow_button=\u00bboff\u00bb url_new_window=\u00bboff\u00bb]instagram[\/et_pb_social_media_follow_network][\/et_pb_social_media_follow][\/et_pb_column][et_pb_column type=\u00bb1_4&#8243; _builder_version=\u00bb3.25&#8243; custom_padding=\u00bb|||\u00bb custom_padding__hover=\u00bb|||\u00bb][et_pb_text admin_label=\u00bbText Staff\u00bb _builder_version=\u00bb4.0.6&#8243; text_font=\u00bb|700|||||||\u00bb text_text_color=\u00bb#666666&#8243; text_font_size=\u00bb18&#8243; text_line_height=\u00bb1.4em\u00bb background_size=\u00bbinitial\u00bb background_position=\u00bbtop_left\u00bb background_repeat=\u00bbrepeat\u00bb custom_margin=\u00bb||8px|\u00bb use_border_color=\u00bboff\u00bb border_color=\u00bb#ffffff\u00bb border_style=\u00bbsolid\u00bb]<\/p>\n<p>STAFF<\/p>\n<p>[\/et_pb_text][et_pb_text admin_label=\u00bbText\u00bb _builder_version=\u00bb4.0.6&#8243; text_font=\u00bbSource Sans Pro||||\u00bb text_text_color=\u00bb#ffffff\u00bb text_font_size=\u00bb16px\u00bb text_line_height=\u00bb2.1em\u00bb background_size=\u00bbinitial\u00bb background_position=\u00bbtop_left\u00bb background_repeat=\u00bbrepeat\u00bb custom_padding=\u00bb0px|||\u00bb use_border_color=\u00bboff\u00bb border_color=\u00bb#ffffff\u00bb border_style=\u00bbsolid\u00bb]<\/p>\n<p>Direcci\u00f3n:\u00a0Dani Nandez<br \/>Producci\u00f3n: Parda Producciones<br \/>Comunicaci\u00f3n: Mariana Giffoni<br \/>Imagen: Valeria Meneguzzi<br \/>Dise\u00f1o Web: <span style=\"color: #ffffff;\"><a style=\"color: #ffffff;\" href=\"https:\/\/unisonet.com.ar\/\">Unisonet<\/a><\/span><\/p>\n<p>[\/et_pb_text][et_pb_text admin_label=\u00bbText Agradecimientos\u00bb _builder_version=\u00bb4.0.6&#8243; text_font=\u00bb|700|||||||\u00bb text_text_color=\u00bb#666666&#8243; text_font_size=\u00bb18&#8243; text_line_height=\u00bb1.4em\u00bb background_size=\u00bbinitial\u00bb background_position=\u00bbtop_left\u00bb background_repeat=\u00bbrepeat\u00bb custom_margin=\u00bb||8px|\u00bb use_border_color=\u00bboff\u00bb border_color=\u00bb#ffffff\u00bb border_style=\u00bbsolid\u00bb]<\/p>\n<p>AGRADECIMIENTOS<\/p>\n<p>[\/et_pb_text][et_pb_image src=\u00bbhttps:\/\/alamutlibros.com.ar\/fildi\/wp-content\/uploads\/2019\/11\/marca-BA-bl-1.png\u00bb url_new_window=\u00bbon\u00bb admin_label=\u00bbImagen BA\u00bb _builder_version=\u00bb4.0.6&#8243;][\/et_pb_image][et_pb_image src=\u00bbhttps:\/\/alamutlibros.com.ar\/fildi\/wp-content\/uploads\/2019\/11\/logo-el-vahido-2.png\u00bb url_new_window=\u00bbon\u00bb admin_label=\u00bbImagen Vhaido\u00bb _builder_version=\u00bb4.0.6&#8243;][\/et_pb_image][et_pb_image src=\u00bbhttps:\/\/alamutlibros.com.ar\/fildi\/wp-content\/uploads\/2019\/12\/dorina-cafe4.png\u00bb url_new_window=\u00bbon\u00bb admin_label=\u00bbImagen Dorina\u00bb _builder_version=\u00bb4.0.6&#8243;][\/et_pb_image][\/et_pb_column][et_pb_column type=\u00bb1_4&#8243; _builder_version=\u00bb3.25&#8243; custom_padding=\u00bb|||\u00bb custom_padding__hover=\u00bb|||\u00bb][et_pb_text admin_label=\u00bbText SEDE\u00bb _builder_version=\u00bb4.0.6&#8243; text_font=\u00bb|700|||||||\u00bb text_text_color=\u00bb#666666&#8243; text_font_size=\u00bb18&#8243; text_line_height=\u00bb1.4em\u00bb background_size=\u00bbinitial\u00bb background_position=\u00bbtop_left\u00bb background_repeat=\u00bbrepeat\u00bb custom_margin=\u00bb||8px|\u00bb use_border_color=\u00bboff\u00bb border_color=\u00bb#ffffff\u00bb border_style=\u00bbsolid\u00bb]<\/p>\n<p>SEDE CENTRAL<\/p>\n<p>[\/et_pb_text][et_pb_text admin_label=\u00bbText Alamut\u00bb _builder_version=\u00bb4.0.6&#8243; text_font=\u00bbSource Sans Pro||||\u00bb text_text_color=\u00bb#ffffff\u00bb text_font_size=\u00bb16px\u00bb text_line_height=\u00bb2.1em\u00bb link_text_color=\u00bb#ffffff\u00bb background_size=\u00bbinitial\u00bb background_position=\u00bbtop_left\u00bb background_repeat=\u00bbrepeat\u00bb custom_padding=\u00bb0px|||\u00bb use_border_color=\u00bboff\u00bb border_color=\u00bb#ffffff\u00bb border_style=\u00bbsolid\u00bb]<\/p>\n<p><span style=\"color: #ffffff;\"><a href=\"https:\/\/alamutlibros.com.ar\/\">Alamut Libros<\/a><br \/>Tel. 4833-9184<br \/>Borges 1985,\u00a0 Palermo, CABA<\/span><\/p>\n<p>[\/et_pb_text][et_pb_image src=\u00bbhttps:\/\/alamutlibros.com.ar\/fildi\/wp-content\/uploads\/2019\/11\/logo-alamut-libros-120.png\u00bb url=\u00bbhttps:\/\/alamutlibros.com.ar\/\u00bb url_new_window=\u00bbon\u00bb admin_label=\u00bbImagen logo Alamut\u00bb _builder_version=\u00bb4.0.6&#8243;][\/et_pb_image][\/et_pb_column][et_pb_column type=\u00bb1_4&#8243; _builder_version=\u00bb3.25&#8243; custom_padding=\u00bb|||\u00bb custom_padding__hover=\u00bb|||\u00bb][et_pb_text admin_label=\u00bbText ubicaci\u00f3n\u00bb _builder_version=\u00bb4.0.6&#8243; text_font=\u00bb|700|||||||\u00bb text_text_color=\u00bb#666666&#8243; text_font_size=\u00bb18&#8243; text_line_height=\u00bb1.4em\u00bb background_size=\u00bbinitial\u00bb background_position=\u00bbtop_left\u00bb background_repeat=\u00bbrepeat\u00bb custom_margin=\u00bb||8px|\u00bb use_border_color=\u00bboff\u00bb border_color=\u00bb#ffffff\u00bb border_style=\u00bbsolid\u00bb]<\/p>\n<p>UBICACI\u00d3N<\/p>\n<p>[\/et_pb_text][et_pb_code admin_label=\u00bbC\u00f3digo mapa\u00bb _builder_version=\u00bb4.0.6&#8243;]<iframe loading=\"lazy\" src=\"https:\/\/www.google.com\/maps\/embed?pb=!1m18!1m12!1m3!1d3284.7042991163903!2d-58.42833028477072!3d-34.586347980464055!2m3!1f0!2f0!3f0!3m2!1i1024!2i768!4f13.1!3m3!1m2!1s0x95bcb586638b6c37%3A0xf1f9da70207609d0!2sJorge%20Luis%20Borges%201985%2C%20C1414%20DGG%2C%20Buenos%20Aires!5e0!3m2!1ses!2sar!4v1574690847118!5m2!1ses!2sar\" width=\"400\" height=\"200\" frameborder=\"0\" style=\"border:0;\" allowfullscreen=\"\"><\/iframe>[\/et_pb_code][et_pb_text admin_label=\u00bbText dire\u00bb _builder_version=\u00bb4.0.6&#8243; text_font=\u00bbSource Sans Pro||||\u00bb text_text_color=\u00bb#ffffff\u00bb text_font_size=\u00bb16px\u00bb text_line_height=\u00bb1.6em\u00bb background_size=\u00bbinitial\u00bb background_position=\u00bbtop_left\u00bb background_repeat=\u00bbrepeat\u00bb custom_padding=\u00bb0px|||\u00bb use_border_color=\u00bboff\u00bb border_color=\u00bb#ffffff\u00bb border_style=\u00bbsolid\u00bb]<\/p>\n<p><span style=\"color: #ffffff;\">Calle Borges entre Soler y Nicaragua, Palermo, CABA<\/span><\/p>\n<p>[\/et_pb_text][\/et_pb_column][\/et_pb_row][\/et_pb_section]<\/p>\n","protected":false},"excerpt":{"rendered":"<p>SEGUINOSSTAFFDirecci\u00f3n:\u00a0Dani NandezProducci\u00f3n: Parda ProduccionesComunicaci\u00f3n: Mariana GiffoniImagen: Valeria MeneguzziDise\u00f1o Web: UnisonetAGRADECIMIENTOSSEDE CENTRALAlamut LibrosTel. 4833-9184Borges 1985,\u00a0 Palermo, CABAUBICACI\u00d3NCalle Borges entre Soler y Nicaragua, Palermo, CABA<\/p>\n","protected":false},"author":1,"featured_media":4396,"parent":0,"menu_order":0,"comment_status":"closed","ping_status":"closed","template":"","meta":{"_et_pb_use_builder":"on","_et_pb_old_content":"","_et_gb_content_width":"","footnotes":""},"class_list":["post-4287","page","type-page","status-publish","has-post-thumbnail","hentry"],"yoast_head":"<!-- This site is optimized with the Yoast SEO plugin v28.0 - https:\/\/yoast.com\/product\/yoast-seo-wordpress\/ -->\n<title>Galer\u00eda - FILDI 2019<\/title>\n<meta name=\"robots\" content=\"index, follow, max-snippet:-1, max-image-preview:large, max-video-preview:-1\" \/>\n<link rel=\"canonical\" href=\"https:\/\/alamutlibros.com.ar\/fildi\/galeria\/\" \/>\n<meta property=\"og:locale\" content=\"es_ES\" \/>\n<meta property=\"og:type\" content=\"article\" \/>\n<meta property=\"og:title\" content=\"Galer\u00eda - FILDI 2019\" \/>\n<meta property=\"og:description\" content=\"SEGUINOSSTAFFDirecci\u00f3n:\u00a0Dani NandezProducci\u00f3n: Parda ProduccionesComunicaci\u00f3n: Mariana GiffoniImagen: Valeria MeneguzziDise\u00f1o Web: UnisonetAGRADECIMIENTOSSEDE CENTRALAlamut LibrosTel. 4833-9184Borges 1985,\u00a0 Palermo, CABAUBICACI\u00d3NCalle Borges entre Soler y Nicaragua, Palermo, CABA\" \/>\n<meta property=\"og:url\" content=\"https:\/\/alamutlibros.com.ar\/fildi\/galeria\/\" \/>\n<meta property=\"og:site_name\" content=\"FILDI 2019\" \/>\n<meta property=\"article:publisher\" content=\"https:\/\/www.facebook.com\/FILDI.BuenosAires\/\" \/>\n<meta property=\"article:modified_time\" content=\"2019-12-12T11:49:06+00:00\" \/>\n<meta property=\"og:image\" content=\"https:\/\/alamutlibros.com.ar\/fildi\/wp-content\/uploads\/2019\/12\/gale-fildi.jpg\" \/>\n\t<meta property=\"og:image:width\" content=\"639\" \/>\n\t<meta property=\"og:image:height\" content=\"800\" \/>\n\t<meta property=\"og:image:type\" content=\"image\/jpeg\" \/>\n<meta name=\"twitter:card\" content=\"summary_large_image\" \/>\n<meta name=\"twitter:label1\" content=\"Tiempo de lectura\" \/>\n\t<meta name=\"twitter:data1\" content=\"8 minutos\" \/>\n<script type=\"application\/ld+json\" class=\"yoast-schema-graph\">{\"@context\":\"https:\\\/\\\/schema.org\",\"@graph\":[{\"@type\":\"WebPage\",\"@id\":\"https:\\\/\\\/alamutlibros.com.ar\\\/fildi\\\/galeria\\\/\",\"url\":\"https:\\\/\\\/alamutlibros.com.ar\\\/fildi\\\/galeria\\\/\",\"name\":\"Galer\u00eda - FILDI 2019\",\"isPartOf\":{\"@id\":\"https:\\\/\\\/alamutlibros.com.ar\\\/fildi\\\/#website\"},\"primaryImageOfPage\":{\"@id\":\"https:\\\/\\\/alamutlibros.com.ar\\\/fildi\\\/galeria\\\/#primaryimage\"},\"image\":{\"@id\":\"https:\\\/\\\/alamutlibros.com.ar\\\/fildi\\\/galeria\\\/#primaryimage\"},\"thumbnailUrl\":\"https:\\\/\\\/alamutlibros.com.ar\\\/fildi\\\/wp-content\\\/uploads\\\/2019\\\/12\\\/gale-fildi.jpg\",\"datePublished\":\"2019-12-10T14:34:26+00:00\",\"dateModified\":\"2019-12-12T11:49:06+00:00\",\"breadcrumb\":{\"@id\":\"https:\\\/\\\/alamutlibros.com.ar\\\/fildi\\\/galeria\\\/#breadcrumb\"},\"inLanguage\":\"es\",\"potentialAction\":[{\"@type\":\"ReadAction\",\"target\":[\"https:\\\/\\\/alamutlibros.com.ar\\\/fildi\\\/galeria\\\/\"]}]},{\"@type\":\"ImageObject\",\"inLanguage\":\"es\",\"@id\":\"https:\\\/\\\/alamutlibros.com.ar\\\/fildi\\\/galeria\\\/#primaryimage\",\"url\":\"https:\\\/\\\/alamutlibros.com.ar\\\/fildi\\\/wp-content\\\/uploads\\\/2019\\\/12\\\/gale-fildi.jpg\",\"contentUrl\":\"https:\\\/\\\/alamutlibros.com.ar\\\/fildi\\\/wp-content\\\/uploads\\\/2019\\\/12\\\/gale-fildi.jpg\",\"width\":639,\"height\":800},{\"@type\":\"BreadcrumbList\",\"@id\":\"https:\\\/\\\/alamutlibros.com.ar\\\/fildi\\\/galeria\\\/#breadcrumb\",\"itemListElement\":[{\"@type\":\"ListItem\",\"position\":1,\"name\":\"Portada\",\"item\":\"https:\\\/\\\/alamutlibros.com.ar\\\/fildi\\\/\"},{\"@type\":\"ListItem\",\"position\":2,\"name\":\"Galer\u00eda\"}]},{\"@type\":\"WebSite\",\"@id\":\"https:\\\/\\\/alamutlibros.com.ar\\\/fildi\\\/#website\",\"url\":\"https:\\\/\\\/alamutlibros.com.ar\\\/fildi\\\/\",\"name\":\"FILDI 2019\",\"description\":\"Festival Internacional del Libro de la Diversidad\",\"potentialAction\":[{\"@type\":\"SearchAction\",\"target\":{\"@type\":\"EntryPoint\",\"urlTemplate\":\"https:\\\/\\\/alamutlibros.com.ar\\\/fildi\\\/?s={search_term_string}\"},\"query-input\":{\"@type\":\"PropertyValueSpecification\",\"valueRequired\":true,\"valueName\":\"search_term_string\"}}],\"inLanguage\":\"es\"}]}<\/script>\n<!-- \/ Yoast SEO plugin. -->","yoast_head_json":{"title":"Galer\u00eda - FILDI 2019","robots":{"index":"index","follow":"follow","max-snippet":"max-snippet:-1","max-image-preview":"max-image-preview:large","max-video-preview":"max-video-preview:-1"},"canonical":"https:\/\/alamutlibros.com.ar\/fildi\/galeria\/","og_locale":"es_ES","og_type":"article","og_title":"Galer\u00eda - FILDI 2019","og_description":"SEGUINOSSTAFFDirecci\u00f3n:\u00a0Dani NandezProducci\u00f3n: Parda ProduccionesComunicaci\u00f3n: Mariana GiffoniImagen: Valeria MeneguzziDise\u00f1o Web: UnisonetAGRADECIMIENTOSSEDE CENTRALAlamut LibrosTel. 4833-9184Borges 1985,\u00a0 Palermo, CABAUBICACI\u00d3NCalle Borges entre Soler y Nicaragua, Palermo, CABA","og_url":"https:\/\/alamutlibros.com.ar\/fildi\/galeria\/","og_site_name":"FILDI 2019","article_publisher":"https:\/\/www.facebook.com\/FILDI.BuenosAires\/","article_modified_time":"2019-12-12T11:49:06+00:00","og_image":[{"width":639,"height":800,"url":"https:\/\/alamutlibros.com.ar\/fildi\/wp-content\/uploads\/2019\/12\/gale-fildi.jpg","type":"image\/jpeg"}],"twitter_card":"summary_large_image","twitter_misc":{"Tiempo de lectura":"8 minutos"},"schema":{"@context":"https:\/\/schema.org","@graph":[{"@type":"WebPage","@id":"https:\/\/alamutlibros.com.ar\/fildi\/galeria\/","url":"https:\/\/alamutlibros.com.ar\/fildi\/galeria\/","name":"Galer\u00eda - FILDI 2019","isPartOf":{"@id":"https:\/\/alamutlibros.com.ar\/fildi\/#website"},"primaryImageOfPage":{"@id":"https:\/\/alamutlibros.com.ar\/fildi\/galeria\/#primaryimage"},"image":{"@id":"https:\/\/alamutlibros.com.ar\/fildi\/galeria\/#primaryimage"},"thumbnailUrl":"https:\/\/alamutlibros.com.ar\/fildi\/wp-content\/uploads\/2019\/12\/gale-fildi.jpg","datePublished":"2019-12-10T14:34:26+00:00","dateModified":"2019-12-12T11:49:06+00:00","breadcrumb":{"@id":"https:\/\/alamutlibros.com.ar\/fildi\/galeria\/#breadcrumb"},"inLanguage":"es","potentialAction":[{"@type":"ReadAction","target":["https:\/\/alamutlibros.com.ar\/fildi\/galeria\/"]}]},{"@type":"ImageObject","inLanguage":"es","@id":"https:\/\/alamutlibros.com.ar\/fildi\/galeria\/#primaryimage","url":"https:\/\/alamutlibros.com.ar\/fildi\/wp-content\/uploads\/2019\/12\/gale-fildi.jpg","contentUrl":"https:\/\/alamutlibros.com.ar\/fildi\/wp-content\/uploads\/2019\/12\/gale-fildi.jpg","width":639,"height":800},{"@type":"BreadcrumbList","@id":"https:\/\/alamutlibros.com.ar\/fildi\/galeria\/#breadcrumb","itemListElement":[{"@type":"ListItem","position":1,"name":"Portada","item":"https:\/\/alamutlibros.com.ar\/fildi\/"},{"@type":"ListItem","position":2,"name":"Galer\u00eda"}]},{"@type":"WebSite","@id":"https:\/\/alamutlibros.com.ar\/fildi\/#website","url":"https:\/\/alamutlibros.com.ar\/fildi\/","name":"FILDI 2019","description":"Festival Internacional del Libro de la Diversidad","potentialAction":[{"@type":"SearchAction","target":{"@type":"EntryPoint","urlTemplate":"https:\/\/alamutlibros.com.ar\/fildi\/?s={search_term_string}"},"query-input":{"@type":"PropertyValueSpecification","valueRequired":true,"valueName":"search_term_string"}}],"inLanguage":"es"}]}},"_links":{"self":[{"href":"https:\/\/alamutlibros.com.ar\/fildi\/wp-json\/wp\/v2\/pages\/4287","targetHints":{"allow":["GET"]}}],"collection":[{"href":"https:\/\/alamutlibros.com.ar\/fildi\/wp-json\/wp\/v2\/pages"}],"about":[{"href":"https:\/\/alamutlibros.com.ar\/fildi\/wp-json\/wp\/v2\/types\/page"}],"author":[{"embeddable":true,"href":"https:\/\/alamutlibros.com.ar\/fildi\/wp-json\/wp\/v2\/users\/1"}],"replies":[{"embeddable":true,"href":"https:\/\/alamutlibros.com.ar\/fildi\/wp-json\/wp\/v2\/comments?post=4287"}],"version-history":[{"count":48,"href":"https:\/\/alamutlibros.com.ar\/fildi\/wp-json\/wp\/v2\/pages\/4287\/revisions"}],"predecessor-version":[{"id":4541,"href":"https:\/\/alamutlibros.com.ar\/fildi\/wp-json\/wp\/v2\/pages\/4287\/revisions\/4541"}],"wp:featuredmedia":[{"embeddable":true,"href":"https:\/\/alamutlibros.com.ar\/fildi\/wp-json\/wp\/v2\/media\/4396"}],"wp:attachment":[{"href":"https:\/\/alamutlibros.com.ar\/fildi\/wp-json\/wp\/v2\/media?parent=4287"}],"curies":[{"name":"wp","href":"https:\/\/api.w.org\/{rel}","templated":true}]}}